{"id":840,"date":"2021-11-24T15:30:15","date_gmt":"2021-11-24T15:30:15","guid":{"rendered":"https:\/\/gennaridaneri.it\/?page_id=840"},"modified":"2021-12-17T11:56:48","modified_gmt":"2021-12-17T11:56:48","slug":"corno-miller-un-weekend-allenante","status":"publish","type":"page","link":"https:\/\/gennaridaneri.it\/?page_id=840","title":{"rendered":"Corno Miller &#8211; Un weekend allenante"},"content":{"rendered":"\n<figure class=\"wp-block-image size-full\"><img decoding=\"async\" width=\"880\" height=\"834\" data-src=\"https:\/\/gennaridaneri.it\/wp-content\/uploads\/2021\/12\/Schermata-2019-11-08-alle-20.05.12.jjpeg_.jpg\" alt=\"\" class=\"wp-image-851 lazyload\" data-srcset=\"https:\/\/gennaridaneri.it\/wp-content\/uploads\/2021\/12\/Schermata-2019-11-08-alle-20.05.12.jjpeg_.jpg 880w, https:\/\/gennaridaneri.it\/wp-content\/uploads\/2021\/12\/Schermata-2019-11-08-alle-20.05.12.jjpeg_-300x284.jpg 300w, https:\/\/gennaridaneri.it\/wp-content\/uploads\/2021\/12\/Schermata-2019-11-08-alle-20.05.12.jjpeg_-768x728.jpg 768w\" data-sizes=\"(max-width: 880px) 100vw, 880px\" src=\"data:image\/svg+xml;base64,PHN2ZyB3aWR0aD0iMSIgaGVpZ2h0PSIxIiB4bWxucz0iaHR0cDovL3d3dy53My5vcmcvMjAwMC9zdmciPjwvc3ZnPg==\" style=\"--smush-placeholder-width: 880px; --smush-placeholder-aspect-ratio: 880\/834;\" \/><figcaption><br><br><strong>2 UN WEEKEND ALLENANTE Andrea Gennari Daneri, Annalisa Caggiati in due giorni tra il 2015 e il 2016. Via essenzialmente trad con soste a fix attrezzate per le doppie. In tutto 8 fix di protezione lungo i tiri. Portare una serie completa di friends fino al n. 3 BD; doppie le misure piccole. L1:5b, L2:5c, L3:5c, L4:6a+, L5:5c, L6:4a, L7:6a, L8:6a+, L9:5c. E\u2019 scalabile e scendibile con una singola corda da 70 metri.<\/strong><\/figcaption><\/figure>\n\n\n\n<figure class=\"wp-block-embed is-type-video is-provider-youtube wp-block-embed-youtube wp-embed-aspect-16-9 wp-has-aspect-ratio\"><div class=\"wp-block-embed__wrapper\">\n<iframe title=\"Val miller\" width=\"500\" height=\"281\" data-src=\"https:\/\/www.youtube.com\/embed\/FssoqDmDD3U?feature=oembed\" frameborder=\"0\" allow=\"accelerometer; autoplay; clipboard-write; encrypted-media; gyroscope; picture-in-picture; web-share\" referrerpolicy=\"strict-origin-when-cross-origin\" allowfullscreen src=\"data:image\/svg+xml;base64,PHN2ZyB3aWR0aD0iMSIgaGVpZ2h0PSIxIiB4bWxucz0iaHR0cDovL3d3dy53My5vcmcvMjAwMC9zdmciPjwvc3ZnPg==\" class=\"lazyload\" data-load-mode=\"1\"><\/iframe>\n<\/div><\/figure>\n\n\n\n<hr class=\"wp-block-separator\"\/>\n\n\n\n<p class=\"has-drop-cap\"><strong>L<\/strong>o so che \u00e8 un paragone ardito, ma per me l\u2019Adamello \u00e8 la Sierra italiana. Dopo tutte le pianure, le strade asfaltate possono solo grattare i fianchi delle pendici del massiccio e ti lasciano miserevolmente in basso rispetto a dove devi arrivare. Come nella Sierra americana. Scendi dalla macchina e sai che hai solo quattro amiche su cui contare: due gambe e due bacchette per scaricare un po\u2019 il peso dello zaino. E il resto sono lunghi sentieri, torrenti rabbiosi e placche di granito purtroppo sdraiate, perch\u00e9 per trovare del granito in piedi devi camminare come in America. Soltanto lo Scoglio di Boazzo si sfila da questa regola, con il suo murone a funghi, e non per niente \u00e8 mitragliato di vie da sinistra a destra. Il resto del massiccio, fino a poco pi\u00f9 di dieci anni fa, era ancora (quasi) come mamma l\u2019aveva fatto. <\/p>\n\n\n\n<figure class=\"wp-block-image size-large\"><img decoding=\"async\" width=\"768\" height=\"1024\" data-src=\"https:\/\/gennaridaneri.it\/wp-content\/uploads\/2021\/12\/DSC02210-768x1024.jpg\" alt=\"\" class=\"wp-image-852 lazyload\" data-srcset=\"https:\/\/gennaridaneri.it\/wp-content\/uploads\/2021\/12\/DSC02210-768x1024.jpg 768w, https:\/\/gennaridaneri.it\/wp-content\/uploads\/2021\/12\/DSC02210-225x300.jpg 225w, https:\/\/gennaridaneri.it\/wp-content\/uploads\/2021\/12\/DSC02210-1152x1536.jpg 1152w, https:\/\/gennaridaneri.it\/wp-content\/uploads\/2021\/12\/DSC02210.jpg 1280w\" data-sizes=\"(max-width: 768px) 100vw, 768px\" src=\"data:image\/svg+xml;base64,PHN2ZyB3aWR0aD0iMSIgaGVpZ2h0PSIxIiB4bWxucz0iaHR0cDovL3d3dy53My5vcmcvMjAwMC9zdmciPjwvc3ZnPg==\" style=\"--smush-placeholder-width: 768px; --smush-placeholder-aspect-ratio: 768\/1024;\" \/><\/figure>\n\n\n\n<p>Un paradiso di granito da scoprire, per godere in pieno isolamento di un\u2019atmosfera che si ritrova solo nelle valli remote del Masino, come il Cameraccio. Ma se in Val Masino parti da un parcheggio pieno di climbers e di boulderisti, qui in Adamello sei la mosca bianca in mezzo a una maggioranza di escursionisti, i pi\u00f9 arditi dei quali sono qui per accedere al grande pack (l\u2019altopiano ghiacciato) e alla cima principale. Si alzeranno alle quattro insieme a te al rifugio Gnutti, ma poi prenderanno un\u2019altra strada e nel primo pomeriggio saranno gi\u00e0 indietro per mettersi in coda sulla statale della Val Camonica.&nbsp;<\/p>\n\n\n\n<figure class=\"wp-block-image size-large\"><img decoding=\"async\" width=\"768\" height=\"1024\" data-src=\"https:\/\/gennaridaneri.it\/wp-content\/uploads\/2021\/12\/DSC02237-768x1024.jpg\" alt=\"\" class=\"wp-image-853 lazyload\" data-srcset=\"https:\/\/gennaridaneri.it\/wp-content\/uploads\/2021\/12\/DSC02237-768x1024.jpg 768w, https:\/\/gennaridaneri.it\/wp-content\/uploads\/2021\/12\/DSC02237-225x300.jpg 225w, https:\/\/gennaridaneri.it\/wp-content\/uploads\/2021\/12\/DSC02237-1152x1536.jpg 1152w, https:\/\/gennaridaneri.it\/wp-content\/uploads\/2021\/12\/DSC02237.jpg 1280w\" data-sizes=\"(max-width: 768px) 100vw, 768px\" src=\"data:image\/svg+xml;base64,PHN2ZyB3aWR0aD0iMSIgaGVpZ2h0PSIxIiB4bWxucz0iaHR0cDovL3d3dy53My5vcmcvMjAwMC9zdmciPjwvc3ZnPg==\" style=\"--smush-placeholder-width: 768px; --smush-placeholder-aspect-ratio: 768\/1024;\" \/><\/figure>\n\n\n\n<p>Tu invece a quell\u2019ora, se va bene, starai ancora scendendo in doppia dalla parete e la pila frontale sar\u00e0 tutt\u2019altro che un optional, come al solito.<\/p>\n\n\n\n<p>La valle di cui stiamo parlando \u00e8 quella del Miller, che l\u2019erosione dei ghiacci ha reso lunga quanto le parallele dell\u2019Adam\u00e8 e del Prudenzini, ma il copione \u00e8 lo stesso dell\u2019Adam\u00e8: botta iniziale di 600 metri lungo le famigerate (faticose) \u201cScale del Miller\u201d e poi una lunga cavalcata su pendenze tranquille fino alle pendici delle pareti, per l\u2019accesso alle quali un\u2019altra bottarella da 300 metri ti terr\u00e0 su con la vita. Se siete arrivati a leggere fin qui non siete dei climber monotiristi fighetti dalle gambe di giunco paralitico e quindi meritate tutta la nostra&nbsp;attenzione a spiegarvi la meraviglia di questo posto.<\/p>\n\n\n\n<figure class=\"wp-block-image size-large\"><img decoding=\"async\" width=\"1024\" height=\"768\" data-src=\"https:\/\/gennaridaneri.it\/wp-content\/uploads\/2021\/12\/DSC02265-1024x768.jpg\" alt=\"\" class=\"wp-image-854 lazyload\" data-srcset=\"https:\/\/gennaridaneri.it\/wp-content\/uploads\/2021\/12\/DSC02265-1024x768.jpg 1024w, https:\/\/gennaridaneri.it\/wp-content\/uploads\/2021\/12\/DSC02265-300x225.jpg 300w, https:\/\/gennaridaneri.it\/wp-content\/uploads\/2021\/12\/DSC02265-768x576.jpg 768w, https:\/\/gennaridaneri.it\/wp-content\/uploads\/2021\/12\/DSC02265.jpg 1280w\" data-sizes=\"(max-width: 1024px) 100vw, 1024px\" src=\"data:image\/svg+xml;base64,PHN2ZyB3aWR0aD0iMSIgaGVpZ2h0PSIxIiB4bWxucz0iaHR0cDovL3d3dy53My5vcmcvMjAwMC9zdmciPjwvc3ZnPg==\" style=\"--smush-placeholder-width: 1024px; --smush-placeholder-aspect-ratio: 1024\/768;\" \/><\/figure>\n\n\n\n<p>Noi, con la solita fotografia in mano stampata dal sito ATHT di cui riparleremo pi\u00f9 avanti e due righe per capire come arrivare sotto alla parete, il posto lo abbiamo scoperto di notte, arrivando a Malga Premassone all\u2019imbrunire. Colpa del lavoro: se travagli al venerd\u00ec fino a sera a che ora pretendi di essere operativo? Il tempo di mangiare (daddio e troppo) all\u2019omonima malga, pagare per il parcheggio di tre giorni e partire alla luce delle frontali con il maggior carico mai sopportato in vita, comprensivo di tenda, cucina da campo e tutto il materiale per chiodare. Arrivare sotto alla parete, con tutti quei chili, la prima volta ci ha richiesto sei ore, contro alle tre dichiarate da ATHT. Un tempo neanche americano, diciamo himalayano. Con tappa per la notte in tutta prossimit\u00e0 del rifugio Gnutti che la mattina alle sei, di solito, \u00e8 gi\u00e0 quasi completamente vuoto. Infatti il \u201cprimo turno\u201d, come lo chiamano i gestori, ha la sveglia alle quattro: la gente in gran silenzio si cala dallo stanzone del soppalco e scende per la colazione. Altrettanto silenziosamente accende le lampade e parte verso il ghiacciaio e la vetta dell\u2019Adamello.<\/p>\n\n\n\n<figure class=\"wp-block-image size-large\"><img decoding=\"async\" width=\"1024\" height=\"768\" data-src=\"https:\/\/gennaridaneri.it\/wp-content\/uploads\/2021\/12\/DSC02277-1024x768.jpg\" alt=\"\" class=\"wp-image-855 lazyload\" data-srcset=\"https:\/\/gennaridaneri.it\/wp-content\/uploads\/2021\/12\/DSC02277-1024x768.jpg 1024w, https:\/\/gennaridaneri.it\/wp-content\/uploads\/2021\/12\/DSC02277-300x225.jpg 300w, https:\/\/gennaridaneri.it\/wp-content\/uploads\/2021\/12\/DSC02277-768x576.jpg 768w, https:\/\/gennaridaneri.it\/wp-content\/uploads\/2021\/12\/DSC02277.jpg 1280w\" data-sizes=\"(max-width: 1024px) 100vw, 1024px\" src=\"data:image\/svg+xml;base64,PHN2ZyB3aWR0aD0iMSIgaGVpZ2h0PSIxIiB4bWxucz0iaHR0cDovL3d3dy53My5vcmcvMjAwMC9zdmciPjwvc3ZnPg==\" style=\"--smush-placeholder-width: 1024px; --smush-placeholder-aspect-ratio: 1024\/768;\" \/><\/figure>\n\n\n\n<p>Perdendosi una parte dello spettacolo, perch\u00e9 il sentiero che porta verso le Torri del Miller, nostro obbiettivo scalatorio, \u00e8 davvero bellissimo, costeggia due laghi e diventa antipatico, solo perch\u00e9 faticoso, nell\u2019ultimo strappo di 300 metri di dislivello di cui dicevamo prima.&nbsp;<\/p>\n\n\n\n<figure class=\"wp-block-image size-large\"><img decoding=\"async\" width=\"768\" height=\"1024\" data-src=\"https:\/\/gennaridaneri.it\/wp-content\/uploads\/2021\/12\/DSC02287-768x1024.jpg\" alt=\"\" class=\"wp-image-856 lazyload\" data-srcset=\"https:\/\/gennaridaneri.it\/wp-content\/uploads\/2021\/12\/DSC02287-768x1024.jpg 768w, https:\/\/gennaridaneri.it\/wp-content\/uploads\/2021\/12\/DSC02287-225x300.jpg 225w, https:\/\/gennaridaneri.it\/wp-content\/uploads\/2021\/12\/DSC02287-1152x1536.jpg 1152w, https:\/\/gennaridaneri.it\/wp-content\/uploads\/2021\/12\/DSC02287.jpg 1280w\" data-sizes=\"(max-width: 768px) 100vw, 768px\" src=\"data:image\/svg+xml;base64,PHN2ZyB3aWR0aD0iMSIgaGVpZ2h0PSIxIiB4bWxucz0iaHR0cDovL3d3dy53My5vcmcvMjAwMC9zdmciPjwvc3ZnPg==\" style=\"--smush-placeholder-width: 768px; --smush-placeholder-aspect-ratio: 768\/1024;\" \/><\/figure>\n\n\n\n<p>Insomma la nostra prima visita era stata un po\u2019 confusa, diciamo. La logistica completamente cannata. Arrivati (morti) sotto la parete quasi a mezzogiorno avevamo attaccato la nostra via nuova mentre l\u2019unica cordata che abbiamo incontrato in assoluto era gi\u00e0 al quarto tiro della Prigionieri del Sogno. Con cinque (bellissimi) tiri all\u2019insegna del solito utilizzo rabbinico dei fix siamo arrivati in cengia, a pochi metri dalla S4 di Nazca. Corde doppie e un giuramento reciproco: \u201cOk, abbiamo aperto una onesta e logica variante, bella l\u00ec. Se ti dovessi mai chiedere di tornare&#8230; ricordami la vita da egiziani che abbiamo fatto e mandami a quel paese\u201d.<\/p>\n\n\n\n<figure class=\"wp-block-image size-large\"><img decoding=\"async\" width=\"1024\" height=\"768\" data-src=\"https:\/\/gennaridaneri.it\/wp-content\/uploads\/2021\/12\/DSC06609-1024x768.jpg\" alt=\"\" class=\"wp-image-857 lazyload\" data-srcset=\"https:\/\/gennaridaneri.it\/wp-content\/uploads\/2021\/12\/DSC06609-1024x768.jpg 1024w, https:\/\/gennaridaneri.it\/wp-content\/uploads\/2021\/12\/DSC06609-300x225.jpg 300w, https:\/\/gennaridaneri.it\/wp-content\/uploads\/2021\/12\/DSC06609-768x576.jpg 768w, https:\/\/gennaridaneri.it\/wp-content\/uploads\/2021\/12\/DSC06609.jpg 1280w\" data-sizes=\"(max-width: 1024px) 100vw, 1024px\" src=\"data:image\/svg+xml;base64,PHN2ZyB3aWR0aD0iMSIgaGVpZ2h0PSIxIiB4bWxucz0iaHR0cDovL3d3dy53My5vcmcvMjAwMC9zdmciPjwvc3ZnPg==\" style=\"--smush-placeholder-width: 1024px; --smush-placeholder-aspect-ratio: 1024\/768;\" \/><\/figure>\n\n\n\n<p><strong>2016, come volevasi dimostrare<\/strong><\/p>\n\n\n\n<p>Ovvio che l\u2019anno successivo siamo ancora l\u00ec, coerenza degli appassionati, ma con logistica completamente diversa: staccare un\u2019ora prima dal lavoro, arrivare al Gnutti in tempo per la cena, dormire quel che si riesce fino alla sveglia del turno degli adamellici delle quattro del mattino e&nbsp;farsi il resto della valle, fino al cosiddetto Pantano del Miller, alla luce delle frontali. Tutto molto pi\u00f9 ragionevole, anche perch\u00e8 non si prevede di mettere pi\u00f9 di dieci nuovi fix sulla via e la ferraglia, in questo modo, pesa ragionevolmente poco. Albeggia sugli ultimi trecento metri di pura fatica dello spallone dove una famiglia di stambecchi non fa una piega al nostro passaggio, si sposta pigramente un po\u2019 pi\u00f9 in l\u00e0 probabilmente commentando qualcosa sulla stupidit\u00e0 dei bipedi. In questo modo il tempo di avvicinamento complessivo dall\u2019auto alla base della parete si \u00e8 avvicinato un po\u2019 di pi\u00f9 alle tre ore dichiarate dalla guida, ma senza raggiungerlo. Farlo in meno di tre ore \u00e8 da Kenyani. L\u2019impressione \u00e8 che i relatori, eccellenti camminatori, minimizzino un po\u2019 per non scoraggiare i pochi pretendenti a questo alpinismo di \u201cscoperta nostrana\u201d.<\/p>\n\n\n\n<figure class=\"wp-block-image size-large\"><img decoding=\"async\" width=\"1024\" height=\"768\" data-src=\"https:\/\/gennaridaneri.it\/wp-content\/uploads\/2021\/12\/P1040894-1024x768.jpg\" alt=\"\" class=\"wp-image-858 lazyload\" data-srcset=\"https:\/\/gennaridaneri.it\/wp-content\/uploads\/2021\/12\/P1040894-1024x768.jpg 1024w, https:\/\/gennaridaneri.it\/wp-content\/uploads\/2021\/12\/P1040894-300x225.jpg 300w, https:\/\/gennaridaneri.it\/wp-content\/uploads\/2021\/12\/P1040894-768x576.jpg 768w, https:\/\/gennaridaneri.it\/wp-content\/uploads\/2021\/12\/P1040894.jpg 1280w\" data-sizes=\"(max-width: 1024px) 100vw, 1024px\" src=\"data:image\/svg+xml;base64,PHN2ZyB3aWR0aD0iMSIgaGVpZ2h0PSIxIiB4bWxucz0iaHR0cDovL3d3dy53My5vcmcvMjAwMC9zdmciPjwvc3ZnPg==\" style=\"--smush-placeholder-width: 1024px; --smush-placeholder-aspect-ratio: 1024\/768;\" \/><\/figure>\n\n\n\n<p>Comunque tre cose, anche al secondo giro di giostra, non abbiamo calcolato ancora bene. La prima \u00e8 il freddo: alle 9 del mattino alla base delle Torri in Luglio fa un gelo babbione, arrivi a quest\u2019ora solo se devi aprire; se devi solo ripetere sei un pirla.<\/p>\n\n\n\n<figure class=\"wp-block-image size-large\"><img decoding=\"async\" width=\"1024\" height=\"768\" data-src=\"https:\/\/gennaridaneri.it\/wp-content\/uploads\/2021\/12\/P1050144-1024x768.jpg\" alt=\"\" class=\"wp-image-859 lazyload\" data-srcset=\"https:\/\/gennaridaneri.it\/wp-content\/uploads\/2021\/12\/P1050144-1024x768.jpg 1024w, https:\/\/gennaridaneri.it\/wp-content\/uploads\/2021\/12\/P1050144-300x225.jpg 300w, https:\/\/gennaridaneri.it\/wp-content\/uploads\/2021\/12\/P1050144-768x576.jpg 768w, https:\/\/gennaridaneri.it\/wp-content\/uploads\/2021\/12\/P1050144.jpg 1280w\" data-sizes=\"(max-width: 1024px) 100vw, 1024px\" src=\"data:image\/svg+xml;base64,PHN2ZyB3aWR0aD0iMSIgaGVpZ2h0PSIxIiB4bWxucz0iaHR0cDovL3d3dy53My5vcmcvMjAwMC9zdmciPjwvc3ZnPg==\" style=\"--smush-placeholder-width: 1024px; --smush-placeholder-aspect-ratio: 1024\/768;\" \/><\/figure>\n\n\n\n<p>Quindi noi eravamo congelati ma giustificati.<\/p>\n\n\n\n<p>La seconda \u00e8 che il nevaio basale \u00e8 ancora duro come il cemento e la crepaccia strapiomba ed \u00e8 staccata di due metri dal granito basale; senza picche e ramponi \u00e8 una prenotazione all\u2019ospedale. In questo caso, e lo dico anche per chi verr\u00e0 a ripetere, \u00e8 meglio partire completamente a destra dove la neve finisce e impiegare un tiro a traversare verso la base della via che volete salire piazzando un friend qua e l\u00e0. Noi abbiamo fatto ci\u00f2 fino all\u2019attacco dei Segreti di Naica, che \u00e8 la terza cosa che non avevamo calcolato granch\u00e8 bene. Sbucando sulla cengia mediana a pochi metri dalla nostra, scalare la via di Tomasoni poteva essere un sistema di guadagnare tempo provando anche qualche tiro nuovo.<\/p>\n\n\n\n<figure class=\"wp-block-image size-large\"><img decoding=\"async\" width=\"1024\" height=\"768\" data-src=\"https:\/\/gennaridaneri.it\/wp-content\/uploads\/2021\/12\/P1050159-1024x768.jpg\" alt=\"\" class=\"wp-image-860 lazyload\" data-srcset=\"https:\/\/gennaridaneri.it\/wp-content\/uploads\/2021\/12\/P1050159-1024x768.jpg 1024w, https:\/\/gennaridaneri.it\/wp-content\/uploads\/2021\/12\/P1050159-300x225.jpg 300w, https:\/\/gennaridaneri.it\/wp-content\/uploads\/2021\/12\/P1050159-768x576.jpg 768w, https:\/\/gennaridaneri.it\/wp-content\/uploads\/2021\/12\/P1050159.jpg 1280w\" data-sizes=\"(max-width: 1024px) 100vw, 1024px\" src=\"data:image\/svg+xml;base64,PHN2ZyB3aWR0aD0iMSIgaGVpZ2h0PSIxIiB4bWxucz0iaHR0cDovL3d3dy53My5vcmcvMjAwMC9zdmciPjwvc3ZnPg==\" style=\"--smush-placeholder-width: 1024px; --smush-placeholder-aspect-ratio: 1024\/768;\" \/><\/figure>\n\n\n\n<p>Cinquea, cinquebi, cinqueci, una passeggiata peraltro chiodata abbastanza bene. Le idee che ti fai leggendo le relazioni. Invece sticazzi, almeno con le mani e i piedi ghiacciati. Conosco uno stadio di gente con il limite sul 5c che manderebbe Gianni all\u2019ospedale con le malattie pi\u00f9 torbide ed estinte, dopo aver provato le prime quattro lunghezze di Naica. Che sono splendide, tutte tirate di quaranta metri abbondanti, ma che proprio cinquebi non sono.<\/p>\n\n\n\n<p>Arrivati alla cengia, con Annalisa abbiamo scherzato sulle sue dimensioni; ci ricordavamo un piazzale su cui si ipotizzava di bivaccare comodi in alternativa al rifugio. Grande mossa dormire al Gnutti. La seconda parte della nostra via \u00e8 filata via molto liscia, lungo una serie di diedri e fessure che, se la parete fosse pi\u00f9 vicina all\u2019habitat dell\u2019uomo, sarebbe stata aperta gi\u00e0 negli anni venti.&nbsp; Splendido che nel 2000 restino ancora linee cos\u00ec naturali e pulite da aprire all\u2019interno dei confini nazionali! L\u2019Adamello, a patto di camminare come nella Sierra americana, si conferma un terreno di gioco enorme per chi cerca roccia vergine a prova di bomba.<\/p>\n\n\n\n<figure class=\"wp-block-image size-large\"><img decoding=\"async\" width=\"1024\" height=\"768\" data-src=\"https:\/\/gennaridaneri.it\/wp-content\/uploads\/2021\/12\/DSC02182-1024x768.jpg\" alt=\"\" class=\"wp-image-861 lazyload\" data-srcset=\"https:\/\/gennaridaneri.it\/wp-content\/uploads\/2021\/12\/DSC02182-1024x768.jpg 1024w, https:\/\/gennaridaneri.it\/wp-content\/uploads\/2021\/12\/DSC02182-300x225.jpg 300w, https:\/\/gennaridaneri.it\/wp-content\/uploads\/2021\/12\/DSC02182-768x576.jpg 768w, https:\/\/gennaridaneri.it\/wp-content\/uploads\/2021\/12\/DSC02182.jpg 1280w\" data-sizes=\"(max-width: 1024px) 100vw, 1024px\" src=\"data:image\/svg+xml;base64,PHN2ZyB3aWR0aD0iMSIgaGVpZ2h0PSIxIiB4bWxucz0iaHR0cDovL3d3dy53My5vcmcvMjAwMC9zdmciPjwvc3ZnPg==\" style=\"--smush-placeholder-width: 1024px; --smush-placeholder-aspect-ratio: 1024\/768;\" \/><\/figure>\n\n\n\n<p>Dicevamo di ATHT, ovvero \u201cAdamello the human touch\u201d. Trattasi di un sito internet con una grafica Commodore primi anni \u201890, un tuffo nel passato del web, ma che ancora una volta evidenza come la sostanza sia quello che conta. Perch\u00e8 \u00e8 la fonte massima delle info disponibili sulla roccia dell\u2019Adamello e della Presanella. C\u2019\u00e8 un elenco molto semplificato e diviso per valli, con tre sottoinsiemi: Falesie (pochissime) &#8211; Vie classiche &#8211; Vie Moderne. Cliccandoci sopra si aprono pagine di qualit\u00e0 molto variabile a seconda di chi ha confezionato il pdf della parete. Quando le relazioni sono a cura dello stesso curatore dell\u2019intero sito, Paolo Amadio, sono in genere pdf molto accurati e a prova di incauto. Altre volte sono relazioni sommarie che vanno un po\u2019 interpretate e prese con le pinze.<\/p>\n\n\n\n<figure class=\"wp-block-image size-large\"><img decoding=\"async\" width=\"1024\" height=\"768\" data-src=\"https:\/\/gennaridaneri.it\/wp-content\/uploads\/2021\/12\/DSC02311-1024x768.jpg\" alt=\"\" class=\"wp-image-862 lazyload\" data-srcset=\"https:\/\/gennaridaneri.it\/wp-content\/uploads\/2021\/12\/DSC02311-1024x768.jpg 1024w, https:\/\/gennaridaneri.it\/wp-content\/uploads\/2021\/12\/DSC02311-300x225.jpg 300w, https:\/\/gennaridaneri.it\/wp-content\/uploads\/2021\/12\/DSC02311-768x576.jpg 768w, https:\/\/gennaridaneri.it\/wp-content\/uploads\/2021\/12\/DSC02311.jpg 1280w\" data-sizes=\"(max-width: 1024px) 100vw, 1024px\" src=\"data:image\/svg+xml;base64,PHN2ZyB3aWR0aD0iMSIgaGVpZ2h0PSIxIiB4bWxucz0iaHR0cDovL3d3dy53My5vcmcvMjAwMC9zdmciPjwvc3ZnPg==\" style=\"--smush-placeholder-width: 1024px; --smush-placeholder-aspect-ratio: 1024\/768;\" \/><\/figure>\n\n\n\n<p>Il contenuto di <a href=\"https:\/\/www.adamellothehumantouch.it\">ATHT<\/a> \u00e8 ripreso quasi integralmente sull\u2019unica pubblicazione abbastanza aggiornata sulle possibilit\u00e0 arrampicatorie della zona, cio\u00e8 \u201cAdamello, le vie del cielo\u201d, edito da Alpine Studio, i cui autori sono lo stesso Amadio insieme ad Angelo Davorio. Se non si bada ai gradi assegnati nei quali c\u2019\u00e8 veramente un casino pazzesco il libro \u00e8 certamente utile e ne consigliamo l\u2019acquisto.<\/p>\n\n\n\n<p><strong>Le altre possibilit\u00e0<\/strong><\/p>\n\n\n\n<p>Noi ci siamo concentrati sulle Torri del Miler, che a nostro parere sono la miglior possibilit\u00e0 della zona, al momento, di gustare una <strong>53&nbsp;<\/strong> grande esperienza verticale, moderna e splendidamente ambientata, con un numero di tiri per via che giustifichino lo sbattimento dell\u2019arrivare fin qui ma che non sfocino nell\u2019odissea arrampicatoria.&nbsp;<\/p>\n\n\n\n<figure class=\"wp-block-image size-large\"><img decoding=\"async\" width=\"1024\" height=\"768\" data-src=\"https:\/\/gennaridaneri.it\/wp-content\/uploads\/2021\/12\/DSC06626-1024x768.jpg\" alt=\"\" class=\"wp-image-863 lazyload\" data-srcset=\"https:\/\/gennaridaneri.it\/wp-content\/uploads\/2021\/12\/DSC06626-1024x768.jpg 1024w, https:\/\/gennaridaneri.it\/wp-content\/uploads\/2021\/12\/DSC06626-300x225.jpg 300w, https:\/\/gennaridaneri.it\/wp-content\/uploads\/2021\/12\/DSC06626-768x576.jpg 768w, https:\/\/gennaridaneri.it\/wp-content\/uploads\/2021\/12\/DSC06626.jpg 1280w\" data-sizes=\"(max-width: 1024px) 100vw, 1024px\" src=\"data:image\/svg+xml;base64,PHN2ZyB3aWR0aD0iMSIgaGVpZ2h0PSIxIiB4bWxucz0iaHR0cDovL3d3dy53My5vcmcvMjAwMC9zdmciPjwvc3ZnPg==\" style=\"--smush-placeholder-width: 1024px; --smush-placeholder-aspect-ratio: 1024\/768;\" \/><\/figure>\n\n\n\n<p>Ma si pu\u00f2 venire in Val Miller con corda e scarpette anche per altre mete, la prima delle quali pu\u00f2 essere la bassa costiera che sovrasta il pantano del Miller, cio\u00e8 il pianoro che anticipa gli ultimi 300 metri di avvicinamento alle Torri.&nbsp;<\/p>\n\n\n\n<p>Si tratta di uno scudo alto circa 120 metri, su cui sono state tracciate dal gruppo Amadio e dal grande esploratore adamellico Damioli quattro vie principalmente di placca su tonalite di qualit\u00e0 spaziale. Tre ore abbondanti di avvicinamento per tre tiri di via forse sono un po\u2019 troppe, ma non \u00e8 detto che al Gnutti, dove si dorme poco ma bene e si mangia molto e molto bene, si debba passare solo per una fuga del weekend. Nell\u2019ottica di passare pi\u00f9 tempo sul posto, infatti, le possibilit\u00e0 si ampliano ulteriormente, con due falesie di aderenza a pochi minuti dal rifugio e una falesia di qualit\u00e0 secondo noi pazzesca, proprio sopra il lago superiore (vedi foto a fianco), che attende i trapani per poter diventare un must granitico delle Alpi.&nbsp; Insomma: per chi ha voglia ancora di mettere le gambe in spalla e cercare qualcosa dove si \u00e8 probabilmente gli unici a scalare nel raggio di chilometri, come sulla Sierra americana&#8230; la Val Miller fa per voi, \u00e8 un must italiano che non va mancato assolutamente!&nbsp;<\/p>\n","protected":false},"excerpt":{"rendered":"<p>Lo so che \u00e8 un paragone ardito, ma per me l\u2019Adamello \u00e8 la Sierra italiana. Dopo tutte le pianure, le strade asfaltate possono solo grattare i fianchi delle pendici del massiccio e ti lasciano miserevolmente in basso rispetto a dove devi arrivare. Come nella Sierra americana. Scendi dalla macchina e sai che hai solo quattro [&hellip;]<\/p>\n","protected":false},"author":1,"featured_media":848,"parent":0,"menu_order":0,"comment_status":"closed","ping_status":"closed","template":"","meta":{"footnotes":""},"class_list":["post-840","page","type-page","status-publish","has-post-thumbnail","hentry"],"_links":{"self":[{"href":"https:\/\/gennaridaneri.it\/index.php?rest_route=\/wp\/v2\/pages\/840","targetHints":{"allow":["GET"]}}],"collection":[{"href":"https:\/\/gennaridaneri.it\/index.php?rest_route=\/wp\/v2\/pages"}],"about":[{"href":"https:\/\/gennaridaneri.it\/index.php?rest_route=\/wp\/v2\/types\/page"}],"author":[{"embeddable":true,"href":"https:\/\/gennaridaneri.it\/index.php?rest_route=\/wp\/v2\/users\/1"}],"replies":[{"embeddable":true,"href":"https:\/\/gennaridaneri.it\/index.php?rest_route=%2Fwp%2Fv2%2Fcomments&post=840"}],"version-history":[{"count":0,"href":"https:\/\/gennaridaneri.it\/index.php?rest_route=\/wp\/v2\/pages\/840\/revisions"}],"wp:featuredmedia":[{"embeddable":true,"href":"https:\/\/gennaridaneri.it\/index.php?rest_route=\/wp\/v2\/media\/848"}],"wp:attachment":[{"href":"https:\/\/gennaridaneri.it\/index.php?rest_route=%2Fwp%2Fv2%2Fmedia&parent=840"}],"curies":[{"name":"wp","href":"https:\/\/api.w.org\/{rel}","templated":true}]}}